{"id":4559,"date":"2022-01-12T22:17:48","date_gmt":"2022-01-12T22:17:48","guid":{"rendered":"https:\/\/www.cielamangrove.com\/?page_id=4559"},"modified":"2026-04-17T12:40:20","modified_gmt":"2026-04-17T10:40:20","slug":"actualite","status":"publish","type":"page","link":"https:\/\/www.cielamangrove.com\/en\/actualite\/","title":{"rendered":"The Company's Agenda"},"content":{"rendered":"<div data-elementor-type=\"wp-page\" data-elementor-id=\"4559\" class=\"elementor elementor-4559\" data-elementor-post-type=\"page\">\n\t\t\t\t\t\t<section class=\"elementor-section elementor-top-section elementor-element elementor-element-48edee9d elementor-section-boxed elementor-section-height-default elementor-section-height-default\" data-id=\"48edee9d\" data-element_type=\"section\">\n\t\t\t\t\t\t<div class=\"elementor-container elementor-column-gap-default\">\n\t\t\t\t\t<div class=\"elementor-column elementor-col-100 elementor-top-column elementor-element elementor-element-3e59fb40\" data-id=\"3e59fb40\" data-element_type=\"column\">\n\t\t\t<div class=\"elementor-widget-wrap elementor-element-populated\">\n\t\t\t\t\t\t<div class=\"elementor-element elementor-element-2954fb35 elementor-widget elementor-widget-text-editor\" data-id=\"2954fb35\" data-element_type=\"widget\" data-widget_type=\"text-editor.default\">\n\t\t\t\t<div class=\"elementor-widget-container\">\n\t\t\t\t\t\t\t\t\t<div style=\"min-height: 300px;\">\n<p><span aria-hidden=\"true\"><\/span><\/p>\n<div style=\"background-position: 50% 50%; background-image: url('https:\/\/www.cielamangrove.com\/wp-content\/uploads\/2021\/08\/DSC_0555-scaled.jpg');\"><\/div>\n<div>\n<p><\/p>\n<div style=\"height: 226px;\" aria-hidden=\"true\"><\/div>\n<p><\/p>\n<p><\/p>\n<div class=\"is-layout-flex wp-container-core-columns-is-layout-9d6595d7 wp-block-columns-is-layout-flex\">\n<p><\/p>\n<div class=\"is-layout-flow wp-block-column-is-layout-flow\" style=\"flex-basis: 50%;\">\n<p><\/p>\n<p style=\"font-size: 59px; line-height: 1.1;\"><strong>EVENTS<\/strong><\/p>\n<p><\/p>\n<\/div>\n<p><\/p>\n<p><\/p>\n<div class=\"is-layout-flow wp-block-column-is-layout-flow\" style=\"flex-basis: 50%;\">\n<p><\/p>\n<hr>\n<p><\/p>\n<\/div>\n<p><\/p>\n<\/div>\n<p><\/p>\n<p><\/p>\n<div class=\"is-layout-flex wp-container-core-columns-is-layout-9d6595d7 wp-block-columns-is-layout-flex\">\n<p><\/p>\n<div class=\"is-layout-flow wp-block-column-is-layout-flow\" style=\"flex-basis: 20%;\"><\/div>\n<p><\/p>\n<p><\/p>\n<div class=\"is-layout-flow wp-block-column-is-layout-flow\" style=\"flex-basis: 60%;\">\n<p><\/p>\n<p><\/p>\n<p><\/p>\n<p><\/p>\n<p><\/p>\n<p><\/p>\n<p><\/p>\n<h2 class=\"wp-block-heading\" style=\"font-size: 40px;\">SAISON 2026\/2027<\/h2>\n<div>\n<p style=\"font-size: 14px;\">Du 01\/09\/26 au 11 09\/26 :&nbsp;<span style=\"font-weight: bold;\">OUTRE-RAGE&nbsp;<\/span>\u2014&gt; R\u00e9sidence CCN Tours (cr\u00e9ation lumi\u00e8re et vid\u00e9o) &#8211; FR<\/p>\n<p style=\"font-size: 14px;\">14\/09\/26 :&nbsp;<span style=\"font-weight: bold;\">OUTRE-RAGE&nbsp;<\/span>\u2014&gt; Premi\u00e8re, Festival Le Temps d&rsquo;aimer la danse, Biarritz &#8211; FR<\/p>\n<p style=\"font-size: 14px;\">Les 15 et 16\/10\/26 :&nbsp;<span style=\"font-weight: bold;\">OUTRE-RAGE&nbsp;<\/span>\u2014&gt; Festival Dansez-Croisez CCN Tours &#8211; FR<\/p>\n<p style=\"font-size: 13px;\"><span style=\"font-size: 14px;\">17\/10\/26<\/span><span style=\"font-family: arial, sans-serif;\">&nbsp;:&nbsp;<\/span><span style=\"font-size: 14px; font-weight: bold;\">OUTRE-RAGE&nbsp;<\/span><span style=\"font-size: 14px;\">\u2014&gt; Festival Le Mois Kreyol &#8211; FR<\/span><\/p>\n<p>Novembre 26 :&nbsp;<span style=\"font-weight: bold;\">OUTRE-RAGE \/ CORPOS <\/span>\u2014&gt; FETEAG Festival de Teatro do Agreste, Caruaru &#8211; BR<\/p>\n<p>Novembre 26 :&nbsp;<span style=\"font-weight: bold;\">OUTRE-RAGE \/ CORPOS <\/span>\u2014&gt;&nbsp;Biennale internationale de danse du CEARA, Fortaleza, BR<\/p>\n<p>Novembre 26 :&nbsp;<span style=\"font-weight: bold;\">OUTRE-RAGE \/ CORPOS&nbsp;<\/span>\u2014&gt; Teatro SESC Casa de Comercio, Salvador de Bahia &#8211; BR<\/p>\n<p>Novembre 26 :&nbsp;<span style=\"font-weight: bold;\">OUTRE-RAGE \/ CORPOS <\/span>\u2014&gt; Festival Viva Dan\u00e7a, Teatro Viva Velha, Salvador de Bahia, BR<\/p>\n<p>Du 13\/11\/26 au 15\/11\/26 :&nbsp;<span style=\"font-weight: bold;\">OUTRE-RAGE \/ CORPOS <\/span>\u2014&gt; Festival Ser Sur, Mexico &#8211; ME<\/p>\n<p><span>Les 28 et 29\/11\/26 : <span style=\"font-weight: bold;\">OUTRE-RAGE \u2014&gt;<\/span> <span>&nbsp;<\/span><\/span><span>Festival Danses M\u00e9tisses, CDCN Touka Danses, Guyane<\/span><\/p>\n<p>Les 04\/03 et 05\/03\/27 :&nbsp;<span style=\"font-weight: bold;\">OUTRE-RAGE&nbsp;<\/span>\u2014&gt; Centre culturel Nelson Mandela, Pantin &#8211; FR<\/p>\n<\/div>\n<h2 style=\"font-size: 40px;\">SAISON 2025\/2026<\/h2>\n<div>\n<p style=\"font-size: 14px;\">Du 08\/09\/25 au 14\/09\/25:&nbsp;<span style=\"font-weight: bold;\">OUTRE RAGE&nbsp;<\/span>\u2014&gt; r\u00e9sidence Dispositif Recif , Pointe-\u00e0-Pitre &#8211; GP&nbsp;<\/p>\n<p style=\"font-size: 14px;\">Du 06\/10\/25 au 15\/10\/25 : Laboratoire Hommes \/ territoires en Guadeloupe avec Mizel Th\u00e9ret et B\u00e9niat Achiary (Pays basque)<\/p>\n<p style=\"font-size: 14px;\">23\/10\/25 : <b>CORPOS&nbsp;<\/b>\u2014&gt; Festival Internacional de Dan\u00e7a, Recife &#8211; BR<\/p>\n<p style=\"font-size: 14px;\">25\/10\/25 :&nbsp;<span style=\"font-weight: bold;\">CORPOS&nbsp;<\/span>\u2014&gt; FETEAG, Caruaru &#8211; BR<\/p>\n<p style=\"font-size: 14px;\">26\/10\/25 :&nbsp;<span style=\"font-weight: bold;\">CORPOS&nbsp;<\/span>\u2014&gt; Usina de Arte, Agua Preta &#8211; BR<\/p>\n<p style=\"font-size: 14px;\">01\/11\/25:&nbsp;<span style=\"font-weight: bold;\">CORPOS&nbsp;<\/span>\u2014&gt; Bienal de Dan\u00e7a, CEARA, Fortaleza &#8211; BR<\/p>\n<p style=\"font-size: 14px;\">02\/11\/25:&nbsp;&nbsp;<span style=\"font-weight: bold;\">CORPOS&nbsp;<\/span>\u2014&gt;&nbsp;<span style=\"font-family: 'Helvetica Neue', Helvetica, Arial, sans-serif; font-size: 13px;\">SESC Salvador<\/span><\/p>\n<p style=\"font-size: 14px;\">05\/11\/25:&nbsp;<span style=\"font-weight: bold;\">CORPOS&nbsp;<\/span>\u2014&gt; UFBA, Salvador de Bahia &#8211; BR<\/p>\n<p style=\"font-size: 14px;\">07\/11\/25:&nbsp;<span style=\"font-weight: bold;\">CORPOS&nbsp;<\/span>\u2014&gt; Festival de de Dan\u00e7a de Itacar\u00e9 &#8211; BR<\/p>\n<p style=\"font-size: 14px;\">13 et 14\/11\/25:&nbsp;&nbsp;<span style=\"font-weight: bold;\">CORPOS&nbsp;<\/span>\u2014&gt; Th\u00e9\u00e2tre Macouria, Macouria &#8211; GUY<\/p>\n<p style=\"font-size: 14px;\">Du 15\/12\/25 au 20\/12\/25 : <b>O<\/b><span style=\"font-weight: bold;\">UTRE-RAGE&nbsp;<\/span>\u2014&gt; R\u00e9sidence au Malandain Ballet Biarritz&nbsp; &#8211; FR<\/p>\n<p style=\"font-size: 14px;\">05\/01\/26&nbsp;<span style=\"color: #1d1d1d; font-family: 'Helvetica Neue', Helvetica, Arial, sans-serif; font-size: 13px;\">:&nbsp;&nbsp;<\/span><span style=\"font-weight: bold;\">OUTRE-RAGE&nbsp;<\/span>\u2014&gt; R\u00e9sidence&nbsp;<span style=\"color: #1d1d1d; font-family: 'Helvetica Neue', Helvetica, Arial, sans-serif; font-size: 13px;\">Cromot, Paris&nbsp;<\/span>&#8211; FR<\/p>\n<p style=\"font-size: 14px;\">Du 05\/01\/26 au 16\/01\/26 : <b>LES RHIZOMES AVEC MYRIAM SOULANGES<\/b>, Le Moule &#8211; GPE<\/p>\n<p style=\"font-size: 14px;\">Les 27 et 28\/03\/26 : <b>Les Carbets de la danse<\/b>, Salle Georges Tarer &#8211; GPE<\/p>\n<p style=\"font-size: 14px;\">Du 13\/04\/26 au 17\/04\/26 : Semaine d&rsquo;action culturelle et artistique autour de <b>CORPOS<\/b>, Cromot, Paris &#8211; FR<\/p>\n<p style=\"font-size: 14px;\">21\/04\/26:&nbsp;<span style=\"font-weight: bold;\">OUTRE-RAGE&nbsp;<\/span>\u2014&gt; (extrait) Festival Temps de danse, L&rsquo;Artchipel, sc\u00e8ne nationale de Guadeloupe, Basse-Terre &#8211; GPE<\/p>\n<p style=\"font-size: 14px;\">Du 26\/05\/26 au 29\/05\/26 :&nbsp;<span style=\"font-weight: bold;\">OUTRE-RAGE&nbsp;<\/span>\u2014&gt; R\u00e9sidence CCN Tours &#8211; FR<\/p>\n<p style=\"font-size: 14px;\">Du 06\/07\/26 au 24\/07\/26 :&nbsp;<span style=\"font-weight: bold;\">OUTRE-RAGE&nbsp;<\/span>\u2014&gt; R\u00e9sidence CCN Tours &#8211; FR<\/p>\n<p style=\"font-size: 14px;\"><span style=\"font-family: Lato; font-size: 40px;\">SAISON 2024\/2025<\/span><\/p>\n<\/div>\n<p>Du 29\/09\/24 au 04\/10\/24 : <b>CORPOS<\/b>&nbsp;<span style=\"font-family: var( --e-global-typography-text-font-family ), Lato; font-weight: var( --e-global-typography-text-font-weight );\">\u2014&gt;&nbsp;<\/span><span style=\"font-family: var( --e-global-typography-text-font-family ), Lato; font-weight: var( --e-global-typography-text-font-weight );\">FESTIVAL&nbsp; EDANCO<\/span><span style=\"font-family: var( --e-global-typography-text-font-family ), Lato; font-weight: var( --e-global-typography-text-font-weight );\">, Saint-Domingue &#8211; RD<\/span><\/p>\n<p>09\/10\/24 :&nbsp;<span style=\"font-family: var( --e-global-typography-text-font-family ), Lato; font-weight: bold;\">CORPOS<\/span><span style=\"font-family: var( --e-global-typography-text-font-family ), Lato; font-weight: var( --e-global-typography-text-font-weight );\">&nbsp;<\/span><span style=\"font-family: var( --e-global-typography-text-font-family ), Lato; font-weight: var( --e-global-typography-text-font-weight );\">\u2014&gt; Palais de la Culture F\u00e9lix Proto, Les Abymes &#8211; GP<\/span><\/p>\n<p><span style=\"font-family: var( --e-global-typography-text-font-family ), Lato; font-weight: var( --e-global-typography-text-font-weight );\">10\/10\/24:&nbsp;<\/span><span style=\"font-family: var( --e-global-typography-text-font-family ), Lato; font-weight: bold;\">CORPOS<\/span><span style=\"font-family: var( --e-global-typography-text-font-family ), Lato; font-weight: var( --e-global-typography-text-font-weight );\">&nbsp;<\/span><span style=\"font-family: var( --e-global-typography-text-font-family ), Lato; font-weight: var( --e-global-typography-text-font-weight );\">\u2014&gt; Auditorium de Basse-Terre &#8211; GP<\/span><\/p>\n<p><span style=\"font-family: var( --e-global-typography-text-font-family ), Lato; font-weight: var( --e-global-typography-text-font-weight );\">12\/10\/24 :&nbsp;<\/span><span style=\"font-family: var( --e-global-typography-text-font-family ), Lato; font-weight: bold;\">CORPOS<\/span><span style=\"font-family: var( --e-global-typography-text-font-family ), Lato; font-weight: var( --e-global-typography-text-font-weight );\">&nbsp;<\/span><span style=\"font-family: var( --e-global-typography-text-font-family ), Lato; font-weight: var( --e-global-typography-text-font-weight );\">\u2014&gt; L&rsquo;Artchipel, Sc\u00e8ne nationale de la Guadeloupe, Basse-Terre &#8211; GP<\/span><\/p>\n<p><span style=\"font-family: var( --e-global-typography-text-font-family ), Lato; font-weight: var( --e-global-typography-text-font-weight );\">16\/10\/24:&nbsp;<\/span><span style=\"font-family: var( --e-global-typography-text-font-family ), Lato; font-weight: bold;\">CORPOS<\/span><span style=\"font-family: var( --e-global-typography-text-font-family ), Lato; font-weight: var( --e-global-typography-text-font-weight );\">&nbsp;<\/span><span style=\"font-family: var( --e-global-typography-text-font-family ), Lato; font-weight: var( --e-global-typography-text-font-weight );\">\u2014&gt;&nbsp; EHPAD L&rsquo;Oasis du Bois-Jolan, Sainte-Anne &#8211; GP<\/span><\/p>\n<p><span style=\"font-family: var( --e-global-typography-text-font-family ), Lato; font-weight: var( --e-global-typography-text-font-weight );\">18\/10\/24:&nbsp;<\/span><span style=\"font-family: var( --e-global-typography-text-font-family ), Lato; font-weight: bold;\">CORPOS<\/span><span style=\"font-family: var( --e-global-typography-text-font-family ), Lato; font-weight: var( --e-global-typography-text-font-weight );\">&nbsp;<\/span><span style=\"font-family: var( --e-global-typography-text-font-family ), Lato; font-weight: var( --e-global-typography-text-font-weight );\">\u2014&gt;&nbsp; Lyc\u00e9e Baimbridge, Les Abymes&nbsp; &#8211; GP<\/span><span style=\"font-family: var( --e-global-typography-text-font-family ), Lato; font-weight: var( --e-global-typography-text-font-weight );\"><br><\/span><\/p>\n<p><span style=\"font-size: inherit; font-family: var( --e-global-typography-text-font-family ), Lato; font-weight: var( --e-global-typography-text-font-weight );\">26\/10\/24 : <\/span><span style=\"font-size: inherit; font-family: var( --e-global-typography-text-font-family ), Lato; font-weight: var( --e-global-typography-text-font-weight );\"><b>LES BRODEUSES KARAVAN<\/b><\/span><span style=\"font-size: inherit; font-family: var( --e-global-typography-text-font-family ), Lato; font-weight: var( --e-global-typography-text-font-weight );\">&nbsp;<\/span><span style=\"font-size: inherit; font-family: var( --e-global-typography-text-font-family ), Lato; font-weight: var( --e-global-typography-text-font-weight );\">\u2014&gt; Festival PAPAP Caribbean Dance Platform &#8211; GP<\/span><\/p>\n<p><span style=\"font-family: var( --e-global-typography-text-font-family ), Lato; font-weight: var( --e-global-typography-text-font-weight );\">Du 18 \/01\/25&nbsp; au 24\/01\/25:&nbsp;<\/span><span style=\"font-family: var( --e-global-typography-text-font-family ), Lato; font-weight: bold;\">CORPOS<\/span><span style=\"font-family: var( --e-global-typography-text-font-family ), Lato; font-weight: var( --e-global-typography-text-font-weight );\">&nbsp;<\/span><span style=\"font-family: var( --e-global-typography-text-font-family ), Lato; font-weight: var( --e-global-typography-text-font-weight );\">\u2014&gt; Th\u00e9\u00e2tre du fil de l&rsquo;eau, Pantin &#8211; IDF<\/span><\/p>\n<p><span style=\"font-family: var( --e-global-typography-text-font-family ), Lato; font-weight: var( --e-global-typography-text-font-weight );\">Du 24\/02\/25 au 01\/03\/25: <\/span><span style=\"font-family: var( --e-global-typography-text-font-family ), Lato;\"><b>OUTRE-RAGE<\/b><\/span><span style=\"font-family: var( --e-global-typography-text-font-family ), Lato; font-weight: var( --e-global-typography-text-font-weight );\">&nbsp;<\/span><span style=\"font-family: var( --e-global-typography-text-font-family ), Lato; font-weight: var( --e-global-typography-text-font-weight );\">&nbsp;<\/span><span style=\"font-family: var( --e-global-typography-text-font-family ), Lato; font-weight: var( --e-global-typography-text-font-weight );\">\u2014&gt; R\u00e9sidence au Carreau du Temple, Paris<\/span><\/p>\n<p><span style=\"font-size: inherit; font-family: var( --e-global-typography-text-font-family ), Lato; font-weight: var( --e-global-typography-text-font-weight );\">Du 02\/03\/25 au 08\/03\/25 :&nbsp;<\/span><span style=\"font-size: inherit; font-family: var( --e-global-typography-text-font-family ), Lato; font-weight: bold;\">OUTRE-RAGE&nbsp;<\/span><span style=\"font-size: inherit; font-family: var( --e-global-typography-text-font-family ), Lato; font-weight: var( --e-global-typography-text-font-weight );\">\u2014&gt; R\u00e9sidence \u00e0 La Maison qui Danse \/ Atelier de Fabrique Artistique Danse \/ Quercy Danse, Montauban<\/span><\/p>\n<p><span style=\"font-size: inherit; font-family: var( --e-global-typography-text-font-family ), Lato; font-weight: var( --e-global-typography-text-font-weight );\">Du 17\/03\/25 au 21\/03\/25 : <\/span><span style=\"font-size: inherit; font-family: var( --e-global-typography-text-font-family ), Lato;\"><b>Karavan Performance<\/b><\/span><span style=\"font-size: inherit; font-family: var( --e-global-typography-text-font-family ), Lato; font-weight: var( --e-global-typography-text-font-weight );\">&nbsp;<\/span>\u2014&gt; avec l&rsquo;Ambassade de France en Uruguay et l&rsquo;INAE de Montevideo<\/p>\n<p>Du 24\/03\/25 au 28\/03\/25:&nbsp;<span style=\"font-weight: bold;\">Karavan Performance&nbsp;<\/span>\u2014&gt; Alliance Fran\u00e7aise de Buenos Aires<\/p>\n<p><span style=\"font-family: var( --e-global-typography-text-font-family ), Lato; font-weight: var( --e-global-typography-text-font-weight );\">Du 26\/03\/25 au 28\/03\/25:&nbsp;<\/span><span style=\"font-family: var( --e-global-typography-text-font-family ), Lato; font-weight: bold;\">CORPOS<\/span><span style=\"font-family: var( --e-global-typography-text-font-family ), Lato; font-weight: var( --e-global-typography-text-font-weight );\">&nbsp;<\/span><span style=\"font-family: var( --e-global-typography-text-font-family ), Lato; font-weight: var( --e-global-typography-text-font-weight );\">\u2014&gt;<\/span><span style=\"font-family: var( --e-global-typography-text-font-family ), Lato; font-weight: var( --e-global-typography-text-font-weight );\">&nbsp; Tropiques ATRIUM Sc\u00e8ne nationale, Fort de France &#8211; MTQ<\/span><\/p>\n<p><span style=\"font-family: var( --e-global-typography-text-font-family ), Lato; font-weight: var( --e-global-typography-text-font-weight );\">29\/03\/2025:&nbsp;<\/span><span style=\"font-family: var( --e-global-typography-text-font-family ), Lato; font-weight: bold;\">CORPOS<\/span><span style=\"font-family: var( --e-global-typography-text-font-family ), Lato; font-weight: var( --e-global-typography-text-font-weight );\">&nbsp;<\/span><span style=\"font-family: var( --e-global-typography-text-font-family ), Lato; font-weight: var( --e-global-typography-text-font-weight );\">\u2014&gt;&nbsp;<\/span><span style=\"font-family: var( --e-global-typography-text-font-family ), Lato; font-weight: var( --e-global-typography-text-font-weight );\">Correspon&rsquo;Danse,&nbsp;<\/span><span style=\"font-family: var( --e-global-typography-text-font-family ), Lato; font-weight: var( --e-global-typography-text-font-weight ); font-size: inherit;\">La D\u00e9sirade &#8211; GP<\/span><\/p>\n<p>01\/04\/25 :&nbsp;<span style=\"font-family: var( --e-global-typography-text-font-family ), Lato; font-weight: bold;\">CORPOS<\/span><span style=\"font-family: var( --e-global-typography-text-font-family ), Lato; font-weight: var( --e-global-typography-text-font-weight );\">&nbsp;<\/span><span style=\"font-family: var( --e-global-typography-text-font-family ), Lato; font-weight: var( --e-global-typography-text-font-weight );\">\u2014&gt; Correspon&rsquo;Danse, Saint-Fran\u00e7ois &#8211; GP<\/span><\/p>\n<p><span style=\"font-size: inherit; font-family: var( --e-global-typography-text-font-family ), Lato; font-weight: var( --e-global-typography-text-font-weight );\">04\/04\/25 :&nbsp;<\/span><span style=\"font-size: inherit; font-family: var( --e-global-typography-text-font-family ), Lato; font-weight: bold;\">CORPOS<\/span><span style=\"font-size: inherit; font-family: var( --e-global-typography-text-font-family ), Lato; font-weight: var( --e-global-typography-text-font-weight );\">&nbsp;<\/span><span style=\"font-size: inherit; font-family: var( --e-global-typography-text-font-family ), Lato; font-weight: var( --e-global-typography-text-font-weight );\">\u2014&gt; Festival Nou Se Yonn, Basse Terre &#8211; GP<\/span><\/p>\n<p><span style=\"font-family: var( --e-global-typography-text-font-family ), Lato; font-weight: var( --e-global-typography-text-font-weight );\">Du 05\/07\/25 au 11\/07\/2025 : <\/span><span style=\"font-family: var( --e-global-typography-text-font-family ), Lato;\"><b>OUTRE RAGE<\/b><\/span><span style=\"font-family: var( --e-global-typography-text-font-family ), Lato; font-weight: var( --e-global-typography-text-font-weight );\">&nbsp;<\/span>\u2014&gt; r\u00e9sidence CCN Tours &#8211; FR<\/p>\n<p>Du 25\/08\/25 au 30\/08\/25 :&nbsp;&nbsp;<span style=\"font-weight: bold;\">OUTRE RAGE&nbsp;<\/span>\u2014&gt; r\u00e9sidence La Maison Rouge, Fort-de-France &#8211; MTQ<\/p>\n<div><span style=\"font-family: Lato; font-size: 40px; font-weight: var( --e-global-typography-text-font-weight );\">SAISON 2023\/2024<\/span><\/div>\n<p><\/p>\n<p><\/p>\n<p>15\/09\/23 :&nbsp;<strong>KATALYSEUR<\/strong>&nbsp;\u2014&gt; Journ\u00e9es Europ\u00e9ennes du Patrimoine Musarth, Pointe-\u00e0-Pitre \u2013 GP<\/p>\n<p><\/p>\n<p><\/p>\n<p>21\/10 \u2013 04\/11\/23 :&nbsp;<strong>KATALYSEUR<\/strong>&nbsp;\u2014&gt; R\u00e9sidence, Alliance Fran\u00e7aise de Lima au Perou et Ambassade de France au P\u00e9rou \u2013 PE<\/p>\n<p><\/p>\n<p><\/p>\n<p>02\/11\/23 :&nbsp;<strong>KATALYSEUR<\/strong>&nbsp;\u2014&gt; Alliances de Lima \u2013 PE<\/p>\n<p><\/p>\n<p><\/p>\n<p>20-25\/11\/23 :&nbsp;<strong>CORPOS<\/strong>&nbsp;\u2014&gt; R\u00e9sidence au Dispositif R\u00e9cif \u2013 Karukera Ballet, Pointe-\u00e0-Pitre- GP&nbsp;<\/p>\n<p><\/p>\n<p><\/p>\n<p>24\/11\/23:&nbsp;<strong>CORPOS<\/strong>&nbsp;\u2014&gt; Extrait, Lyc\u00e9e Baimbridge, Les Abymes \u2013 GP<\/p>\n<p><\/p>\n<p><\/p>\n<p>27\/11 &#8211; 01\/12\/23 :&nbsp;<strong>CORPOS<\/strong>&nbsp;\u2014&gt; R\u00e9sidence au CDCN Touka Danse, Cayenne &#8211; GF<\/p>\n<p><\/p>\n<p><\/p>\n<p>02\/12\/23 :&nbsp;<strong>CORPOS<\/strong>&nbsp;\u2014&gt; Extrait au Festival Danses-M\u00e9tisses, CDCN Touka Danses, Cayenne \u2013 GF<\/p>\n<p><\/p>\n<p><\/p>\n<p>06\/03\/2024: <strong>Bullerengue Bleu<\/strong> &#8211; Performance dans le cadre du contrat de ville, CN D Pantin- FR<\/p>\n<p><\/p>\n<p><\/p>\n<p>08\/03\/2024:&nbsp; <strong>Bullerengue Bleu<\/strong> dans le cadre de la journ\u00e9e internationale du droit des femmes- Performance,&nbsp;MJC Corbeil Essonnes- FR<\/p>\n<p><\/p>\n<p><\/p>\n<p>2-4\/04\/24 : <strong>CORPOS<\/strong> \u2014&gt; R\u00e9sidence au 783 Nantes&nbsp;&#8211; FR<\/p>\n<p><\/p>\n<p><\/p>\n<p>5\/04\/24 : <strong>CORPOS<\/strong> \u2014&gt; Extrait, 783 Nantes&nbsp;&#8211; FR<\/p>\n<p><\/p>\n<p><\/p>\n<p>8-17\/04\/24 : <strong>CORPOS<\/strong> \u2014&gt; R\u00e9sidence au CCN Tours&nbsp;&#8211; FR<\/p>\n<p><\/p>\n<p><\/p>\n<p>18\/04\/24 :&nbsp;<strong>CORPOS<\/strong>&nbsp;\u2014&gt; Premi\u00e8re, Festival Dansez-Croisez, CCN Tours&nbsp;\u2013 FR<\/p>\n<p><\/p>\n<p><\/p>\n<p>03\/05\/24 :&nbsp;<strong>LA TRAVERS\u00c9E<\/strong>&nbsp;\u2014&gt; Olympiade Culturelle, Gwada Grimpe, Le Gosier \u2013 GP<\/p>\n<p><\/p>\n<p><\/p>\n<p>24\/05\/24 :&nbsp;<strong>CORPOS<\/strong>&nbsp;\u2014&gt; L&#8217;embarcad\u00e8re, Festival Alors on Danse ! Aubervilliers \u2013 FR<\/p>\n<p><\/p>\n<p><\/p>\n<p>25\/05\/24 :&nbsp;<strong>CORPOS<\/strong>&nbsp;\u2014&gt; KM de danse, CN D, Pantin \u2013 FR<\/p>\n<p><\/p>\n<p><\/p>\n<p>31\/05\/24 :&nbsp;<strong>LES BRODEUSES<\/strong>&nbsp;<strong>KARAVAN<\/strong>&nbsp;\u2014&gt; La D\u00e9sirade \u2013 GP<\/p>\n<p>23\/07\/24 :&nbsp;<span style=\"font-family: var( --e-global-typography-text-font-family ), Lato; font-weight: var( --e-global-typography-text-font-weight );\">&nbsp;<\/span><strong style=\"font-family: var( --e-global-typography-text-font-family ), Lato;\"><strong>LES BRODEUSES<\/strong>&nbsp;<strong>KARAVAN<\/strong>&nbsp;\u2014&gt;&nbsp;<\/strong><span style=\"font-family: var( --e-global-typography-text-font-family ), Lato; font-weight: var( --e-global-typography-text-font-weight );\">Jazz Park French Market &#8211; USA<\/span><\/p>\n<p><span style=\"font-family: var( --e-global-typography-text-font-family ), Lato; font-weight: var( --e-global-typography-text-font-weight );\">24\/07\/24 :&nbsp;<\/span><strong style=\"font-family: var( --e-global-typography-text-font-family ), Lato;\"><strong>LES BRODEUSES<\/strong>&nbsp;<strong>KARAVAN<\/strong>&nbsp;\u2014&gt;<\/strong><span style=\"font-family: var( --e-global-typography-text-font-family ), Lato;\"> The Withney Plantation &#8211; USA<\/span><\/p>\n<p><span style=\"font-family: var( --e-global-typography-text-font-family ), Lato;\">25\/07\/24:&nbsp;<\/span><strong style=\"font-family: var( --e-global-typography-text-font-family ), Lato;\"><strong>LES BRODEUSES<\/strong>&nbsp;<strong>KARAVAN<\/strong>&nbsp;\u2014&gt;&nbsp;<\/strong><span style=\"font-family: var( --e-global-typography-text-font-family ), Lato; font-weight: var( --e-global-typography-text-font-weight );\">Jazz Park French Market &#8211; USA<\/span><\/p>\n<p><\/p>\n<p><\/p>\n<div style=\"font-family: 'Helvetica Neue', Helvetica, Arial, sans-serif; font-size: 13px; color: #500050; outline: none !important;\">26\/07\/24&nbsp;<strong style=\"font-family: var( --e-global-typography-text-font-family ), Lato; font-size: 14px;\"><strong>LES BRODEUSES<\/strong>&nbsp;<strong>KARAVAN<\/strong>&nbsp;\u2014&gt;&nbsp;<\/strong><span style=\"font-family: var( --e-global-typography-text-font-family ), Lato; font-weight: var( --e-global-typography-text-font-weight ); font-size: 14px;\">JFQ Visitor Center &#8211; USA<\/span><\/div>\n<div style=\"font-family: 'Helvetica Neue', Helvetica, Arial, sans-serif; font-size: 13px; color: #500050; outline: none !important;\"><span style=\"font-family: var( --e-global-typography-text-font-family ), Lato; font-weight: var( --e-global-typography-text-font-weight ); font-size: 14px;\">&nbsp;<\/span><\/div>\n<p><span style=\"font-family: Lato; font-size: 40px;\">SEASON 2022\/2023<\/span><\/p>\n<p><\/p>\n<p><\/p>\n<p>25\/09\/22 : <strong>KATALYSEUR<\/strong> \u2014&gt; Festival L&rsquo;\u00celot R\u00eaves, Pantin<\/p>\n<p><\/p>\n<p><\/p>\n<p>14\/10\/22 : <strong>USTIUM<\/strong> \u2014&gt; Festi&rsquo;Danses, Le Moule &#8211; GP<\/p>\n<p><\/p>\n<p><\/p>\n<p>05\/11\/22 : <strong>USTIUM<\/strong> \u2014&gt; EPCC Les Trois Fleuves L&rsquo;ENCRE &#8211; GF<\/p>\n<p><\/p>\n<p><\/p>\n<p>10-13\/11\/22 :<strong> USTIUM et AU BOUT DU SOUFFLE&#8230;<\/strong> \u2014&gt; Touch of France, Alliance Fran\u00e7aise de la Jama\u00efque &#8211; JM<\/p>\n<p><\/p>\n<p><\/p>\n<p>23\/11\/22 :&nbsp;<strong>USTIUM<\/strong>&nbsp;\u2014&gt; Association Amalgame,&nbsp;Palais de la Culture F\u00e9lix Proto, Les Abymes &#8211; GP<\/p>\n<p><\/p>\n<p><\/p>\n<p>26\/11\/22 : <strong>KREYOL KARAVAN<\/strong> \u2014&gt; Site du Phare de Vieux Fort &#8211; GP<\/p>\n<p><\/p>\n<p><\/p>\n<p>15\/01\/23 : <strong>CORPOS<\/strong> \u2014&gt; Extrait, R\u00e9sidence, Dispositif R\u00e9cif &#8211; Karukera Ballet &#8211; GP<\/p>\n<p><\/p>\n<p><\/p>\n<p>22\/01\/23 : <strong>CORPOS<\/strong> \u2014&gt; Extrait, R\u00e9sidence, La Factory \/ Th\u00e9\u00e2tre de l\u2019Oulle, Avignon<\/p>\n<p><\/p>\n<p><\/p>\n<p>28\/02\/23 : <strong>USTIUM<\/strong> \u2014&gt; Auditorium de Basse-Terre, scolaires &#8211; GP<\/p>\n<p><\/p>\n<p><\/p>\n<p>03\/03\/23 : <strong>USTIUM<\/strong> \u2014&gt; Centre Culturel Le Sonis, Les Abymes &#8211; GP<\/p>\n<p><\/p>\n<p><\/p>\n<p>16\/03\/23 : <strong>KARAVAN<\/strong> \u2014&gt; Performance Festival&nbsp;Yabisi Series &#8211; Cri de femmes&nbsp;&nbsp;&#8211; Galerie l&rsquo;Art s&rsquo;en m\u00eale, Le Gosier &#8211; GP<\/p>\n<p><\/p>\n<p><\/p>\n<p>21\/03\/23 : <strong>USTIUM<\/strong> \u2014&gt; Lyc\u00e9e Melkior, Cayenne &#8211; GF<\/p>\n<p><\/p>\n<p><\/p>\n<p>23\/03\/23 : <strong>USTIUM<\/strong> \u2014&gt; Lyc\u00e9e Melkior, Cayenne &#8211; GF<\/p>\n<p><\/p>\n<p><\/p>\n<p>24\/03\/23 : <strong>USTIUM<\/strong> \u2014&gt; Coll\u00e8ge Catayee, Cayenne &#8211; GF<\/p>\n<p><\/p>\n<p><\/p>\n<p>12\/04\/23 :<strong>KATALYSEUR<\/strong> \u2014&gt;Centro Cultural de Pereira &#8211; C<em>\u00e1<\/em>mara de Comercio, Alliance Fran\u00e7aise de Pereira &#8211; COL<\/p>\n<p><\/p>\n<p><\/p>\n<p>14\/04\/23 :<strong>KATALYSEUR<\/strong> \u2014&gt;&nbsp;Teatrino IPC Enrique Buenaventura, Instituto Popular de Cultura, Alliance Fran\u00e7aise de Cali &#8211; COL<\/p>\n<p><\/p>\n<p><\/p>\n<p>19\/04\/23 :<strong>KATALYSEUR<\/strong> \u2014&gt;&nbsp;Carnaval Internacional de las Artes 2023 de Barranquilla, Alliance Fran\u00e7aise de Barranquilla &#8211; COL<\/p>\n<p><\/p>\n<p><\/p>\n<p>22\/04\/23 :<strong>KATALYSEUR<\/strong> \u2014&gt;&nbsp;Auditorium, Lyc\u00e9e Fran\u00e7ais Louis Pasteur, Universidad Sergio Arboleda, Alliance Fran\u00e7aise de Bogota &#8211; COL<\/p>\n<p><\/p>\n<p><\/p>\n<p>25\/04\/23 : <strong>KARAVAN<\/strong> \u2014&gt; Coll\u00e8ge Macal, Saint-Fran\u00e7ois, en collaboration avec Correspon&rsquo;Danse &#8211; GP&nbsp;<\/p>\n<p><\/p>\n<p><\/p>\n<p>27\/04\/23 :&nbsp;<strong>KATALYSEUR<\/strong>&nbsp;\u2014&gt; Archives d\u00e9partementales Guadeloupe \u2013 GP<\/p>\n<p><\/p>\n<p><\/p>\n<p>06\/05\/23 :&nbsp;<strong><strong>BREATHLESS...<\/strong><\/strong>&nbsp;\u2014&gt; Festival Nou S\u00e9 Yonn, Basse-Terre \u2013 GP<\/p>\n<p><\/p>\n<p><\/p>\n<p>30\/05\/23 : <strong>KARAVAN<\/strong> \u2014&gt; Lyc\u00e9e Carnot, Pointe-\u00e0-Pitre &#8211; GP&nbsp;<\/p>\n<p><\/p>\n<p><\/p>\n<p>31\/05\/23 :<strong>KARAVAN<\/strong> \u2014&gt; Jardin Botanique, Basse-Terre &#8211; GP<\/p>\n<p><\/p>\n<p><\/p>\n<p>01\/06\/23 :<strong>KARAVAN<\/strong> \u2014&gt;Lyc\u00e9e Baimbridge, Les Abymes &#8211; GP<\/p>\n<p><\/p>\n<p><\/p>\n<p>08\/06\/23 : <strong><strong>BREATHLESS...<\/strong><\/strong> \u2014&gt; In Situ, Festival alors on danse! Aubervilliers &#8211; FR<\/p>\n<p><\/p>\n<p><\/p>\n<p>09\/06\/23 : <strong>USTIUM<\/strong> \u2014&gt; L&rsquo;Embarcad\u00e8re, Festival alors on danse! Aubervilliers &#8211; FR<\/p>\n<p><\/p>\n<p><\/p>\n<p>10\/06\/23 : <strong><strong>BREATHLESS...<\/strong><\/strong> \u2014&gt;&nbsp;extraits, In Situ, Festival alors on danse! Aubervilliers &#8211; FR<\/p>\n<p><\/p>\n<p><\/p>\n<p>11\/06\/23 : <strong>KARAVAN<\/strong> \u2014&gt; In Situ, Aubervilliers, Festival alors on danse! Aubervilliers &#8211; FR<\/p>\n<p><\/p>\n<p><\/p>\n<p>08\/07\/23 : <strong>KATALYSEUR<\/strong> \u2014&gt; Festival Dimora Storica Cagnazzi &#8211; Altamura &#8211; IT<\/p>\n<p><\/p>\n<p><\/p>\n<p>15 au 19\/07\/23 : <strong>USTIUM<\/strong> \u2014&gt; Th\u00e9\u00e2tre de la Chapelle du Verbe incarn\u00e9, Festival Off Avignon &#8211; FR<\/p>\n<p><\/p>\n<\/div>\n<p><\/p>\n<p><\/p>\n<div class=\"is-layout-flow wp-block-column-is-layout-flow\" style=\"flex-basis: 20%;\"><\/div>\n<p><\/p>\n<\/div>\n<p><\/p>\n<p><\/p>\n<div class=\"is-layout-flex wp-container-core-columns-is-layout-9d6595d7 wp-block-columns-is-layout-flex\">\n<p><\/p>\n<div class=\"is-layout-flow wp-block-column-is-layout-flow\" style=\"flex-basis: 20%;\"><\/div>\n<p><\/p>\n<p><\/p>\n<div class=\"is-layout-flow wp-block-column-is-layout-flow\" style=\"flex-basis: 60%;\">\n<p><\/p>\n<h2 class=\"wp-block-heading\" style=\"font-size: 40px;\">2022<\/h2>\n<p><\/p>\n<p><\/p>\n<p>27\/01\/22 : <strong>ESPERANZA<\/strong> \u2014&gt; Vernissage et performance<em>, <\/em>Cin\u00e9 104 <em>&#8211; <\/em>Pantin &#8211; FR<\/p>\n<p><\/p>\n<p><\/p>\n<p>28\/01\/22 : <strong>USTIUM<\/strong> \u2014&gt; Premi\u00e8re,&nbsp; L&rsquo;Artchipel \/ Sc\u00e8ne nationale de Guadeloupe &#8211; GP<\/p>\n<p><\/p>\n<p><\/p>\n<p>12\/02\/22 : <strong>KREYOL KARAVAN<\/strong> \u2014&gt; Performance \u00e0 Lili Galerie &#8211; GP<\/p>\n<p><\/p>\n<p><\/p>\n<p>15\/02\/22 : <strong>KREYOL KARAVAN<\/strong> \u2014&gt; Coll\u00e8ge Macal &#8211; Guadeloupe- GP<\/p>\n<p><\/p>\n<p><\/p>\n<p>31\/03\/22 : <strong>BREATHLESS...<\/strong> \u2014&gt; Lyc\u00e9e Jean-Pierre Timbaud, Aubervilliers<\/p>\n<p><\/p>\n<p><\/p>\n<p>01\/04\/22&nbsp;: <strong>BREATHLESS... <\/strong>\u2014&gt; Dansez-Croisez, CCN de Tours<\/p>\n<p><\/p>\n<p><\/p>\n<p>28\/06 au 06\/07\/22 : <strong>KREYOL KARAVAN <\/strong>\u2014&gt; Maison pour la Danse, Qu\u00e9bec &#8211; CA<\/p>\n<p><\/p>\n<p><\/p>\n<p>20\/04\/22 :&nbsp;<strong>USTIUM<\/strong><em> <\/em>\u2014&gt; extraits et \u00e9changes avec l&rsquo;association Kap Cara\u00efbe,&nbsp;avec le soutien de Tropiques Atrium \/ Sc\u00e8ne Nationale de Martinique &#8211; MQ<\/p>\n<p><\/p>\n<p><\/p>\n<p>21 au 22\/04\/22 :&nbsp;<strong>USTIUM<\/strong> \u2014&gt; Biennale internationale de la Danse, Tropiques Atrium \/ Sc\u00e8ne Nationale de Martinique &#8211; MQ<\/p>\n<p><\/p>\n<p><\/p>\n<p>06\/05\/22 : <strong>CORPOS<\/strong> \u2014&gt; Festival international Viva Dan\u00e7a, Salvador de Bahia &#8211; BR<\/p>\n<p><\/p>\n<p><\/p>\n<p>14\/05\/22 : <strong>PERFORMANCES <\/strong>\u2014&gt; Semaine de L\u2019IDAHOT avec l&rsquo;association Amalgame &#8211; Guadeloupe &#8211; GP<\/p>\n<p><\/p>\n<p><\/p>\n<p>24\/06\/22 : <strong>KATALYSEUR<\/strong>, performance, Pantin<\/p>\n<p><\/p>\n<p><\/p>\n<p>15\/07\/22 : <strong>KREYOL KARAVAN <\/strong>\u2014&gt; Correspondance, Saint-Fran\u00e7ois &#8211; GP<\/p>\n<p><\/p>\n<p><\/p>\n<p>16\/07\/22 : <strong>KREYOL KARAVAN <\/strong>\u2014&gt; Lili Galerie, Saint-Fran\u00e7ois &#8211; GP<\/p>\n<p><\/p>\n<p><\/p>\n<p>17\/07\/22 : <strong>KREYOL KARAVAN <\/strong>\u2014&gt; Site du Phare de Vieux-Fort &#8211; GP<\/p>\n<p><\/p>\n<p><\/p>\n<p>19\/07\/22 : <strong>KREYOL KARAVAN <\/strong>\u2014&gt; Centre Culturel de Sonis, Les Abymes &#8211; GP<\/p>\n<p><\/p>\n<p><\/p>\n<p>05\/08\/22 : <strong>KATALYSEUR<\/strong> \u2014&gt;&nbsp;Festival Saint-Hilaire Danse, Saint-Hilaire-D&rsquo;Ozilhan<\/p>\n<p><\/p>\n<p><\/p>\n<div style=\"height: 20px;\" aria-hidden=\"true\"><\/div>\n<p><\/p>\n<p><\/p>\n<p style=\"font-size: 18px;\"><em>Throughout the season: Katalyseur\/ Performances In Situ in Guadeloupe and in Ile-de-France.<\/em><\/p>\n<p><\/p>\n<\/div>\n<p><\/p>\n<p><\/p>\n<div class=\"is-layout-flow wp-block-column-is-layout-flow\" style=\"flex-basis: 20%;\"><\/div>\n<p><\/p>\n<\/div>\n<p><\/p>\n<p><\/p>\n<div class=\"is-layout-flex wp-container-core-columns-is-layout-9d6595d7 wp-block-columns-is-layout-flex\">\n<p><\/p>\n<div class=\"is-layout-flow wp-block-column-is-layout-flow\"><\/div>\n<p><\/p>\n<\/div>\n<p><\/p>\n<p><\/p>\n<div class=\"is-layout-flex wp-container-core-columns-is-layout-9d6595d7 wp-block-columns-is-layout-flex\"><\/div>\n<p><\/p>\n<p><\/p>\n<div class=\"is-layout-flex wp-container-core-columns-is-layout-9d6595d7 wp-block-columns-is-layout-flex\">\n<p><\/p>\n<div class=\"is-layout-flow wp-block-column-is-layout-flow\"><\/div>\n<p><\/p>\n<p><\/p>\n<div class=\"is-layout-flow wp-block-column-is-layout-flow\" style=\"flex-basis: 30%;\">\n<p><\/p>\n<h2 class=\"wp-block-heading\" style=\"font-size: 40px;\">2021<\/h2>\n<p><\/p>\n<p><\/p>\n<div style=\"height: 20px;\" aria-hidden=\"true\"><\/div>\n<p><\/p>\n<p><\/p>\n<p><strong>03\/<strong>02<\/strong><strong>\/21<\/strong><\/strong><\/p>\n<p><\/p>\n<p><\/p>\n<p>Au bout du Souffle, Lyc\u00e9e Delgr\u00e8s \u2013 Le Moule, Guadeloupe<\/p>\n<p><\/p>\n<p><\/p>\n<p><strong>05\/02<strong>\/21<\/strong><\/strong><\/p>\n<p><\/p>\n<p><\/p>\n<p>Au bout du Souffle\u2026 L\u2019Atrium\/ Sc\u00e8ne Nationale de of Martinique<\/p>\n<p><\/p>\n<p><\/p>\n<p><strong>06\/02<strong>\/21<\/strong><\/strong><\/p>\n<p><\/p>\n<p><\/p>\n<p>Au bout du Souffle\u2026 L\u2019Atrium\/ Sc\u00e8ne Nationale de of Martinique<\/p>\n<p><\/p>\n<p><\/p>\n<p><strong>29\/04<strong>\/21<\/strong><\/strong><\/p>\n<p><\/p>\n<p><\/p>\n<p>Recording Ustium, Festival En chemin vers la Danse, Salle Loyson \u2013 Le Moule, Guadeloupe<\/p>\n<p><\/p>\n<p><\/p>\n<p><strong>11\/05\/21<\/strong><\/p>\n<p><\/p>\n<p><\/p>\n<p>Extracts Ustium, Espace Renaudie \u2013 Aubervilliers, France<\/p>\n<p><\/p>\n<p><\/p>\n<p><strong>12\/05\/<strong>21<\/strong><\/strong><\/p>\n<p><\/p>\n<p><\/p>\n<p>Extracts Ustium, Lyc\u00e9e Jean-Pierre Timbaud \u2013 Aubervilliers, France<\/p>\n<p><\/p>\n<p><\/p>\n<p><strong>11\/06<strong>\/21<\/strong><\/strong><\/p>\n<p><\/p>\n<p><\/p>\n<p>Extracts Ustium, SEPT CENT QUATRE VINGT TROIS \u2013 Nantes, France<\/p>\n<p><\/p>\n<p><\/p>\n<p><strong>19\/06<strong>\/21<\/strong><\/strong><\/p>\n<p><\/p>\n<p><\/p>\n<p>Katalyseur, Festival Mus\u00e9e Eph\u00e9m\u00e8re \u2013 Pantin, France<\/p>\n<p><\/p>\n<p><\/p>\n<p><strong>17\/<strong>07<\/strong><strong>\/21<\/strong><\/strong><\/p>\n<p><\/p>\n<p><\/p>\n<p>Katalyseur, Cin\u00e9 Woul\u00e9 \u2013 Saint-Fran\u00e7ois, Guadeloupe<\/p>\n<p><\/p>\n<p><\/p>\n<p><strong>21\/07<strong>\/21<\/strong><\/strong><\/p>\n<p><\/p>\n<p><\/p>\n<p>Katalyseur, Cin\u00e9 Woul\u00e9 \u2013 Baie-Mahault, Guadeloupe<\/p>\n<p><\/p>\n<\/div>\n<p><\/p>\n<p><\/p>\n<div class=\"is-layout-flow wp-block-column-is-layout-flow\" style=\"flex-basis: 30%;\">\n<p><\/p>\n<h2 class=\"wp-block-heading\" style=\"font-size: 40px;\"><\/h2>\n<p><\/p>\n<p><\/p>\n<div style=\"height: 20px;\" aria-hidden=\"true\"><\/div>\n<p><\/p>\n<p><\/p>\n<p><strong>26\/<strong>10<\/strong><strong>\/21<\/strong><\/strong><\/p>\n<p><\/p>\n<p><\/p>\n<p>Kreyol Karavan, New Orleans Jazz Museum\u2019s \u2013 New Orleans \u2013 USA<\/p>\n<p><\/p>\n<p><\/p>\n<p><strong>27\/10<strong>\/21<\/strong><\/strong><\/p>\n<p><\/p>\n<p><\/p>\n<p>Kreyol Karavan, Tekrema Center for Art and Culture, New Orleans \u2013 USA<\/p>\n<p><\/p>\n<p><\/p>\n<p><strong>28\/10<strong>\/21<\/strong><\/strong><\/p>\n<p><\/p>\n<p><\/p>\n<p>Kreyol Karavan, LB Landry High School, New Orleans \u2013 USA<\/p>\n<p><\/p>\n<p><\/p>\n<p><strong>29\/10<strong>\/21<\/strong><\/strong><\/p>\n<p><\/p>\n<p><\/p>\n<p>Kreyol Karavan, Esplanade studio, New Orleans \u2013 USA<\/p>\n<p><\/p>\n<p><\/p>\n<p><strong>30\/10<strong>\/21<\/strong><\/strong><\/p>\n<p><\/p>\n<p><\/p>\n<p>Kreyol Karavan, Thibodaux &#8211; USA<\/p>\n<p><\/p>\n<p><\/p>\n<p><strong>02\/11<strong>\/21<\/strong><\/strong><\/p>\n<p><\/p>\n<p><\/p>\n<p>Kreyol Karavan,The Pine School, Miami &#8211; USA<\/p>\n<p><\/p>\n<p><\/p>\n<p><strong>09\/11<strong>\/21<\/strong><\/strong><\/p>\n<p><\/p>\n<p><\/p>\n<p>Kreyol Karavan in schools, Port-Louis \u2013 Guadeloupe<\/p>\n<p><\/p>\n<p><\/p>\n<p><strong>17\/12\/21<\/strong><\/p>\n<p><\/p>\n<p><\/p>\n<p>Au bout du Souffle\u2026, Recording CEDAC,\u00a0F\u00e9lix Proto \u2013\u00a0 Guadeloupe<\/p>\n<p><\/p>\n<p><\/p>\n<p><strong>23\/12\/21<\/strong><\/p>\n<p><\/p>\n<p><\/p>\n<p>Ustium,\u00a0 Journ\u00e9e Cultures urbaines with Amalgame, Les Abymes -Guadeloupe<\/p>\n<p><\/p>\n<\/div>\n<p><\/p>\n<p><\/p>\n<div class=\"is-layout-flow wp-block-column-is-layout-flow\"><\/div>\n<p><\/p>\n<\/div>\n<p><\/p>\n<p><\/p>\n<div class=\"is-layout-flex wp-container-core-columns-is-layout-9d6595d7 wp-block-columns-is-layout-flex\">\n<p><\/p>\n<div class=\"is-layout-flow wp-block-column-is-layout-flow\" style=\"flex-basis: 50%;\"><\/div>\n<p><\/p>\n<\/div>\n<p><\/p>\n<p><\/p>\n<div class=\"is-layout-flex wp-container-core-columns-is-layout-9d6595d7 wp-block-columns-is-layout-flex\">\n<p><\/p>\n<div class=\"is-layout-flow wp-block-column-is-layout-flow\" style=\"flex-basis: 25%;\"><\/div>\n<p><\/p>\n<\/div>\n<p><\/p>\n<p><\/p>\n<div class=\"is-layout-flex wp-container-core-columns-is-layout-9d6595d7 wp-block-columns-is-layout-flex\">\n<p><\/p>\n<div class=\"is-layout-flow wp-block-column-is-layout-flow\" style=\"flex-basis: 50%;\"><\/div>\n<p><\/p>\n<\/div>\n<p><\/p>\n<p><\/p>\n<div class=\"is-layout-flex wp-container-core-columns-is-layout-9d6595d7 wp-block-columns-is-layout-flex\">\n<p><\/p>\n<div class=\"is-layout-flow wp-block-column-is-layout-flow\"><\/div>\n<p><\/p>\n<p><\/p>\n<div class=\"is-layout-flow wp-block-column-is-layout-flow\">\n<p><\/p>\n<h2 class=\"wp-block-heading\" style=\"font-size: 30px;\"><strong>2020<\/strong><\/h2>\n<p><\/p>\n<p><\/p>\n<div style=\"height: 20px;\" aria-hidden=\"true\"><\/div>\n<p><\/p>\n<p><\/p>\n<p><strong>17\/12\/20<\/strong><\/p>\n<p><\/p>\n<p><\/p>\n<p>Esperanza &#8211; Cin\u00e9 104, Pantin (93)<\/p>\n<p><\/p>\n<p><\/p>\n<p><strong>14\/12<strong>\/20<\/strong><\/strong><\/p>\n<p><\/p>\n<p><\/p>\n<p>Katalyseur, projet performatif &#8211; Lyc\u00e9e Gerville R\u00e9ache Basse-Terre ( 971)<\/p>\n<p><\/p>\n<p><\/p>\n<p><strong>1<strong>1\/12\/20<\/strong><\/strong><\/p>\n<p><\/p>\n<p><\/p>\n<p>Ustium pr\u00e9sentation publique &#8211; Renaudie &#8211; Aubervilliers (93)<\/p>\n<p><\/p>\n<p><\/p>\n<p><strong>7 au 10\/12\/20<\/strong><\/p>\n<p><\/p>\n<p><\/p>\n<p>R\u00e9sidence \u00e0 Renaudie, pr\u00e9sentation publique &#8211; Aubervilliers (93)<\/p>\n<p><\/p>\n<p><\/p>\n<p><strong>02\/12<strong>\/20<\/strong> <\/strong><\/p>\n<p><\/p>\n<p><\/p>\n<p>Katalyseur, projet performatif &#8211; Coll\u00e8ge&nbsp;Edmond Bambuck &#8211; Le Gosier (971)<\/p>\n<p><\/p>\n<p><\/p>\n<p><strong>30\/11 au 04\/12<strong>\/20<\/strong> <\/strong><\/p>\n<p><\/p>\n<p><\/p>\n<p>Ustium R\u00e9sidence de recherche &#8211; Karukera Ballet (971)<\/p>\n<p><\/p>\n<p><\/p>\n<p><strong>26\/11<strong>\/20<\/strong><\/strong><\/p>\n<p><\/p>\n<p><\/p>\n<p>Esperanza au coll\u00e8ge Macal &#8211; Saint-Fran\u00e7ois (971)<strong> <\/strong><\/p>\n<p><\/p>\n<p><\/p>\n<p><strong>24\/11<strong>\/20<\/strong><\/strong><\/p>\n<p><\/p>\n<p><\/p>\n<p><strong> <\/strong>Performance &#8211; Coll\u00e8ge de Kermadec &#8211; Pointe-\u00e0-Pitre (971)<\/p>\n<p><\/p>\n<p><\/p>\n<p><strong>21\/11<strong>\/20<\/strong><\/strong><\/p>\n<p><\/p>\n<p><\/p>\n<p>Ustium Pr\u00e9sentation publique &#8211; Karukera Ballet (971)<\/p>\n<p><\/p>\n<p><\/p>\n<p><strong>2 au 7\/11<strong>\/20<\/strong><\/strong><\/p>\n<p><\/p>\n<p><\/p>\n<p>Ustium Accueil studio cr\u00e9ation &#8211; CDCN Touka Danses Guyane (973)<\/p>\n<p><\/p>\n<p><\/p>\n<p><strong>12 au 16\/10<strong>\/20<\/strong> <\/strong><\/p>\n<p><\/p>\n<p><\/p>\n<p>Ustium r\u00e9sidence de recherche &#8211; Karukera Ballet (971)<\/p>\n<p><\/p>\n<p><\/p>\n<p><strong>5 au 10\/10<strong>\/20<\/strong> <\/strong><\/p>\n<p><\/p>\n<p><\/p>\n<p>Ustium r\u00e9sidence de recherche &#8211; Karukera Ballet (971)<\/p>\n<p><\/p>\n<p><\/p>\n<p><strong>18 au 20\/09<strong>\/20<\/strong> <\/strong><\/p>\n<p><\/p>\n<p><\/p>\n<p>Au bout du Souffle\u2026 Altamura &#8211; Naples, Italie &#8211; report\u00e9 en 2021<\/p>\n<p><\/p>\n<p><\/p>\n<p><strong>05\/02<strong>\/20<\/strong> <\/strong><\/p>\n<p><\/p>\n<p><\/p>\n<p>Performance,<strong> <\/strong>Lyc\u00e9e fran\u00e7ais du Caire &#8211; Egypte<\/p>\n<p><\/p>\n<p><\/p>\n<p><strong>28\/01\/20 <\/strong><\/p>\n<p><\/p>\n<p><\/p>\n<p>Performance In situ &#8211; Saint-Fran\u00e7ois (971)<\/p>\n<p><\/p>\n<p><\/p>\n<p><strong>17\/01<strong>\/20<\/strong><\/strong><\/p>\n<p><\/p>\n<p><\/p>\n<p><strong> <\/strong>Performance \u00e9cole Guy Cornely 1 &#8211; Les Abymes (971)<\/p>\n<p><\/p>\n<p><\/p>\n<p><strong>10\/01\/<strong>20<\/strong><\/strong><\/p>\n<p><\/p>\n<p><\/p>\n<p>Au bout du Souffle\u2026 Maison pour la Danse &#8211; Qu\u00e9bec, Canada<\/p>\n<p><\/p>\n<\/div>\n<p><\/p>\n<p><\/p>\n<div class=\"is-layout-flow wp-block-column-is-layout-flow\">\n<p><\/p>\n<h2 class=\"wp-block-heading\" style=\"font-size: 30px;\"><strong>2019<\/strong><\/h2>\n<p><\/p>\n<p><\/p>\n<div style=\"height: 20px;\" aria-hidden=\"true\"><\/div>\n<p><\/p>\n<p><\/p>\n<p><strong>27\/12\/19<\/strong><\/p>\n<p><\/p>\n<p><\/p>\n<p>Au bout du Souffle\u2026 Performance, Ehpad \u2013 Sainte-Rose (971)<\/p>\n<p><\/p>\n<p><\/p>\n<p><strong>27\/12\/19<\/strong><\/p>\n<p><\/p>\n<p><\/p>\n<p>Performance In situ &#8211;&nbsp;Sainte-Rose (971)<\/p>\n<p><\/p>\n<p><\/p>\n<p><strong>09\/12\/19 <\/strong><\/p>\n<p><\/p>\n<p><\/p>\n<p>Au bout du Souffle\u2026 Coll\u00e8ge Bebel Lachaise \u2013 Sainte-Rose (971)<\/p>\n<p><\/p>\n<p><\/p>\n<p><strong>07\/12\/19<\/strong><\/p>\n<p><\/p>\n<p><\/p>\n<p>Performance In situ \u2013 Sainte-Rose (971)<\/p>\n<p><\/p>\n<p><\/p>\n<p><strong>02\/12\/19<\/strong><\/p>\n<p><\/p>\n<p><\/p>\n<p>Ecole mixte 1 \u2013 Saint-Fran\u00e7ois (971)<\/p>\n<p><\/p>\n<p><\/p>\n<p><strong>22\/11\/19<\/strong><\/p>\n<p><\/p>\n<p><\/p>\n<p>Au bout du Souffle\u2026 Lyc\u00e9e Sonny Rupaire \u2013 Sainte-Rose (971)<\/p>\n<p><\/p>\n<p><\/p>\n<p><strong>18\/11\/19<\/strong><\/p>\n<p><\/p>\n<p><\/p>\n<p>Coll\u00e8ge Alexandre Macal \u2013 Saint-Fran\u00e7ois (971)<\/p>\n<p><\/p>\n<p><\/p>\n<p><strong>07\/11\/19<\/strong><\/p>\n<p><\/p>\n<p><\/p>\n<p>Au bout du Souffle\u2026 Festival le Mois Kr\u00e9yol \u2013 Paris (75)<\/p>\n<p><\/p>\n<p><\/p>\n<p><strong>21\/09\/19<\/strong><\/p>\n<p><\/p>\n<p><\/p>\n<p>Ballade urbaine, Journ\u00e9e du Patrimoine \u2013 Aubervilliers (93)<\/p>\n<p><\/p>\n<p><\/p>\n<p><strong>20 au 24\/07\/19<\/strong><\/p>\n<p><\/p>\n<p><\/p>\n<p>Au bout du Souffle\u2026 Toma \u2013 Chapelle du Verbe Incarn\u00e9, Off \u2013 Avignon (84)<\/p>\n<p><\/p>\n<p><\/p>\n<p><strong>05\/07\/19<\/strong><\/p>\n<p><\/p>\n<p><\/p>\n<p>Performance \u00ab Soir\u00e9e Rouge \u00bb \u2013 Montrouge (92)<\/p>\n<p><\/p>\n<p><\/p>\n<p><strong>22\/07\/19<\/strong><\/p>\n<p><\/p>\n<p><\/p>\n<p>Performance In Situ projet Polis, Archives Nationales \u2013 Paris (75)<\/p>\n<p><\/p>\n<p><\/p>\n<p><strong>07\/06\/19<\/strong><\/p>\n<p><\/p>\n<p><\/p>\n<p>Sortie de r\u00e9sidence Les Herbes Sauvages, Maison pour la danse \u2013 Qu\u00e9bec, Canada<\/p>\n<p><\/p>\n<p><\/p>\n<p><strong>06\/06\/19<\/strong><\/p>\n<p><\/p>\n<p><\/p>\n<p>Performance Les Herbes Sauvages, Parvis \u00c9glise St Roch \u2013 Qu\u00e9bec, Canada<\/p>\n<p><\/p>\n<p><\/p>\n<p><strong>28\/05\/19<\/strong><\/p>\n<p><\/p>\n<p><\/p>\n<p>Au bout du Souffle\u2026 Th\u00e9\u00e2tre du Fil de l\u2019eau \u2013 Pantin (93)<\/p>\n<p><\/p>\n<p><\/p>\n<p><strong>27\/05\/19<\/strong><\/p>\n<p><\/p>\n<p><\/p>\n<p>Au bout du Souffle\u2026 Espace Renaudie \u2013 Aubervilliers (93)<\/p>\n<p><\/p>\n<p><\/p>\n<p><strong>10\/05\/19<\/strong><\/p>\n<p><\/p>\n<p><\/p>\n<p>Performance journ\u00e9e m\u00e9morielle, Jardin Aim\u00e9 C\u00e9saire \u2013 Le Pr\u00e9-Saint-Gervais (93)<\/p>\n<p><\/p>\n<p><\/p>\n<p><strong>07\/05\/19<\/strong><\/p>\n<p><\/p>\n<p><\/p>\n<p>Performance Fondation Joyo \u2013 Bucarest, Roumanie<\/p>\n<p><\/p>\n<p><\/p>\n<p><strong>27\/04\/19<\/strong><\/p>\n<p><\/p>\n<p><\/p>\n<p>Au bout du Souffle\u2026 Le Sonis \u2013 Abymes (971)<\/p>\n<p><\/p>\n<p><\/p>\n<p><strong>26\/04\/19<\/strong><\/p>\n<p><\/p>\n<p><\/p>\n<p>Au bout du Souffle\u2026 Premi\u00e8re de la cr\u00e9ation, L\u2019Artchipel \u2013 Basse Terre (971)<\/p>\n<p><\/p>\n<p><\/p>\n<p><strong>15\/02\/19<\/strong><\/p>\n<p><\/p>\n<p><\/p>\n<p>Au bout du Souffle\u2026 Sortie de r\u00e9sidence \u2013 CCN de Tours (37)<\/p>\n<p><\/p>\n<\/div>\n<p><\/p>\n<p><\/p>\n<div class=\"is-layout-flow wp-block-column-is-layout-flow\">\n<p><\/p>\n<h2 class=\"wp-block-heading\" style=\"font-size: 30px;\"><strong>2018<\/strong><\/h2>\n<p><\/p>\n<p><\/p>\n<div style=\"height: 20px;\" aria-hidden=\"true\"><\/div>\n<p><\/p>\n<p><\/p>\n<p><strong>13\/12\/18<\/strong><\/p>\n<p><\/p>\n<p><\/p>\n<p>Performance, \u00e9coles M\u00e9hul et Langevin \u2013 Pantin (93)<\/p>\n<p><\/p>\n<p><\/p>\n<p><strong>01\/12\/18 d\u00e9cembre<\/strong><\/p>\n<p><\/p>\n<p><\/p>\n<p>R\u00e9(z)on\u00e9, l\u2019EnCRe \u2013 Cayenne (973)<\/p>\n<p><\/p>\n<p><\/p>\n<p><strong>30\/11\/18<\/strong><\/p>\n<p><\/p>\n<p><\/p>\n<p>Conf\u00e9rence dans\u00e9e au Mus\u00e9e des Cultures Guyanaises \u2013 Cayenne (973)<\/p>\n<p><\/p>\n<p><\/p>\n<p><strong>29\/11\/18<\/strong><\/p>\n<p><\/p>\n<p><\/p>\n<p>L\u2019\u00e9chapp\u00e9(e) \/ Le discours, salle A. Manga \u2013 R\u00e9mire-Montjoly (973)<\/p>\n<p><\/p>\n<p><\/p>\n<p><strong>25\/11\/18<\/strong><\/p>\n<p><\/p>\n<p><\/p>\n<p>R\u00e9(z)on\u00e9, extraits, March\u00e9 de Cayenne (973)<\/p>\n<p><\/p>\n<p><\/p>\n<p><strong>14\/11\/18<\/strong><\/p>\n<p><\/p>\n<p><\/p>\n<p>R\u00e9(z)on\u00e9, Salle Loyson \u2013 Le Moule (971)<\/p>\n<p><\/p>\n<p><\/p>\n<p><strong>09\/11\/18<\/strong><\/p>\n<p><\/p>\n<p><\/p>\n<p>El extranjero, Ecole Vaillant \u2013 Pantin (93)<\/p>\n<p><\/p>\n<p><\/p>\n<p><strong>10\/09\/18<\/strong><\/p>\n<p><\/p>\n<p><\/p>\n<p>\u00ab Les Solleilades \u00bb, Performance de Rue \u2013 Montrouge (92)<\/p>\n<p><\/p>\n<p><\/p>\n<p><strong>22\/07\/18 <\/strong><\/p>\n<p><\/p>\n<p><\/p>\n<p>Balade urbaine \u2013 Le Moule (971)<\/p>\n<p><\/p>\n<p><\/p>\n<p><strong>31\/05\/18<\/strong><\/p>\n<p><\/p>\n<p><\/p>\n<p>\u00ab Histoire(s) sensibles, histoires insens\u00e9es \u00bb, Salle Jacques Brel \u2013 Pantin (93)<\/p>\n<p><\/p>\n<p><\/p>\n<p><strong>18\/05\/18 <\/strong><\/p>\n<p><\/p>\n<p><\/p>\n<p>R\u00e9(z)on\u00e9, Festival Marseille (13)<\/p>\n<p><\/p>\n<p><\/p>\n<p><strong>10\/05\/18 <\/strong><\/p>\n<p><\/p>\n<p><\/p>\n<p>Performances et D\u00e9cha\u00een\u00e9s \u2013 Pantin (93)<\/p>\n<p><\/p>\n<p><\/p>\n<p><strong>14\/03\/18<\/strong><\/p>\n<p><\/p>\n<p><\/p>\n<p>\u00ab Histoire(s) sensibles, histoires insens\u00e9es \u00bb, Les Labos \u2013 Aubervilliers (93)<\/p>\n<p><\/p>\n<p><\/p>\n<p><strong>28\/02\/18 <\/strong><\/p>\n<p><\/p>\n<p><\/p>\n<p>Performance \u2013 Saint-Fran\u00e7ois (971)<\/p>\n<p><\/p>\n<p><\/p>\n<p><strong>24\/02\/18 <\/strong><\/p>\n<p><\/p>\n<p><\/p>\n<p>Conf\u00e9rence et Performance, M\u00e9morial ACTe \u2013 Pointe-\u00e0-Pitre (971)<\/p>\n<p><\/p>\n<\/div>\n<p><\/p>\n<p><\/p>\n<div class=\"is-layout-flow wp-block-column-is-layout-flow\"><\/div>\n<p><\/p>\n<\/div>\n<p><\/p>\n<p><\/p>\n<div style=\"height: 40px;\" aria-hidden=\"true\"><\/div>\n<p><\/p>\n<\/div>\n<\/div>\n<p><!-- \/wp:cover --><\/p>\t\t\t\t\t\t\t\t<\/div>\n\t\t\t\t<\/div>\n\t\t\t\t\t<\/div>\n\t\t<\/div>\n\t\t\t\t\t<\/div>\n\t\t<\/section>\n\t\t\t\t<\/div>","protected":false},"excerpt":{"rendered":"<p>AGENDA SAISON 2026\/2027 Du 01\/09\/26 au 11 09\/26 :&nbsp;OUTRE-RAGE&nbsp;\u2014&gt; R\u00e9sidence CCN Tours (cr\u00e9ation lumi\u00e8re et vid\u00e9o) &#8211; FR 14\/09\/26 :&nbsp;OUTRE-RAGE&nbsp;\u2014&gt; Premi\u00e8re, Festival Le Temps d&rsquo;aimer la danse, Biarritz &#8211; FR Les 15 et 16\/10\/26 :&nbsp;OUTRE-RAGE&nbsp;\u2014&gt; Festival Dansez-Croisez CCN Tours &#8211; FR 17\/10\/26&nbsp;:&nbsp;OUTRE-RAGE&nbsp;\u2014&gt; Festival Le Mois Kreyol &#8211; FR Novembre 26 [&hellip;]<\/p>","protected":false},"author":1,"featured_media":0,"parent":0,"menu_order":-8,"comment_status":"closed","ping_status":"closed","template":"elementor_header_footer","meta":{"footnotes":""},"class_list":["post-4559","page","type-page","status-publish","hentry"],"yoast_head":"<!-- This site is optimized with the Yoast SEO plugin v25.8 - https:\/\/yoast.com\/wordpress\/plugins\/seo\/ -->\n<title>L&#039;Agenda de la Compagnie - COMPAGNIE LA MANGROVE<\/title>\n<meta name=\"robots\" content=\"index, follow, max-snippet:-1, max-image-preview:large, max-video-preview:-1\" \/>\n<link rel=\"canonical\" href=\"https:\/\/www.cielamangrove.com\/en\/actualite\/\" \/>\n<meta property=\"og:locale\" content=\"en_US\" \/>\n<meta property=\"og:type\" content=\"article\" \/>\n<meta property=\"og:title\" content=\"L&#039;Agenda de la Compagnie - COMPAGNIE LA MANGROVE\" \/>\n<meta property=\"og:description\" content=\"AGENDA SAISON 2026\/2027 Du 01\/09\/26 au 11 09\/26 :&nbsp;OUTRE-RAGE&nbsp;\u2014&gt; R\u00e9sidence CCN Tours (cr\u00e9ation lumi\u00e8re et vid\u00e9o) &#8211; FR 14\/09\/26 :&nbsp;OUTRE-RAGE&nbsp;\u2014&gt; Premi\u00e8re, Festival Le Temps d&rsquo;aimer la danse, Biarritz &#8211; FR Les 15 et 16\/10\/26 :&nbsp;OUTRE-RAGE&nbsp;\u2014&gt; Festival Dansez-Croisez CCN Tours &#8211; FR 17\/10\/26&nbsp;:&nbsp;OUTRE-RAGE&nbsp;\u2014&gt; Festival Le Mois Kreyol &#8211; FR Novembre 26 [&hellip;]\" \/>\n<meta property=\"og:url\" content=\"https:\/\/www.cielamangrove.com\/en\/actualite\/\" \/>\n<meta property=\"og:site_name\" content=\"COMPAGNIE LA MANGROVE\" \/>\n<meta property=\"article:publisher\" content=\"https:\/\/www.facebook.com\/compagnielamangrove\/\" \/>\n<meta property=\"article:modified_time\" content=\"2026-04-17T10:40:20+00:00\" \/>\n<meta name=\"twitter:card\" content=\"summary_large_image\" \/>\n<meta name=\"twitter:label1\" content=\"Est. reading time\" \/>\n\t<meta name=\"twitter:data1\" content=\"10 minutes\" \/>\n<script type=\"application\/ld+json\" class=\"yoast-schema-graph\">{\"@context\":\"https:\/\/schema.org\",\"@graph\":[{\"@type\":\"WebPage\",\"@id\":\"https:\/\/www.cielamangrove.com\/actualite\/\",\"url\":\"https:\/\/www.cielamangrove.com\/actualite\/\",\"name\":\"L'Agenda de la Compagnie - COMPAGNIE LA MANGROVE\",\"isPartOf\":{\"@id\":\"https:\/\/www.cielamangrove.com\/#website\"},\"datePublished\":\"2022-01-12T22:17:48+00:00\",\"dateModified\":\"2026-04-17T10:40:20+00:00\",\"breadcrumb\":{\"@id\":\"https:\/\/www.cielamangrove.com\/actualite\/#breadcrumb\"},\"inLanguage\":\"en-US\",\"potentialAction\":[{\"@type\":\"ReadAction\",\"target\":[\"https:\/\/www.cielamangrove.com\/actualite\/\"]}]},{\"@type\":\"BreadcrumbList\",\"@id\":\"https:\/\/www.cielamangrove.com\/actualite\/#breadcrumb\",\"itemListElement\":[{\"@type\":\"ListItem\",\"position\":1,\"name\":\"Accueil\",\"item\":\"https:\/\/www.cielamangrove.com\/\"},{\"@type\":\"ListItem\",\"position\":2,\"name\":\"L&rsquo;Agenda de la Compagnie\"}]},{\"@type\":\"WebSite\",\"@id\":\"https:\/\/www.cielamangrove.com\/#website\",\"url\":\"https:\/\/www.cielamangrove.com\/\",\"name\":\"Compagnie la Mangrove\",\"description\":\"Compagnie la Mangrove\",\"publisher\":{\"@id\":\"https:\/\/www.cielamangrove.com\/#organization\"},\"potentialAction\":[{\"@type\":\"SearchAction\",\"target\":{\"@type\":\"EntryPoint\",\"urlTemplate\":\"https:\/\/www.cielamangrove.com\/?s={search_term_string}\"},\"query-input\":{\"@type\":\"PropertyValueSpecification\",\"valueRequired\":true,\"valueName\":\"search_term_string\"}}],\"inLanguage\":\"en-US\"},{\"@type\":\"Organization\",\"@id\":\"https:\/\/www.cielamangrove.com\/#organization\",\"name\":\"Compagnie La Mangrove\",\"url\":\"https:\/\/www.cielamangrove.com\/\",\"logo\":{\"@type\":\"ImageObject\",\"inLanguage\":\"en-US\",\"@id\":\"https:\/\/www.cielamangrove.com\/#\/schema\/logo\/image\/\",\"url\":\"https:\/\/www.cielamangrove.com\/wp-content\/uploads\/2020\/06\/cropped-Rouge-Lignes-Sports-Logo-2.jpg\",\"contentUrl\":\"https:\/\/www.cielamangrove.com\/wp-content\/uploads\/2020\/06\/cropped-Rouge-Lignes-Sports-Logo-2.jpg\",\"width\":999,\"height\":666,\"caption\":\"Compagnie La Mangrove\"},\"image\":{\"@id\":\"https:\/\/www.cielamangrove.com\/#\/schema\/logo\/image\/\"},\"sameAs\":[\"https:\/\/www.facebook.com\/compagnielamangrove\/\",\"https:\/\/www.instagram.com\/compagnie_la_mangrove\/\",\"https:\/\/www.linkedin.com\/company\/compagnie-la-mangrove\/\"]}]}<\/script>\n<!-- \/ Yoast SEO plugin. -->","yoast_head_json":{"title":"L'Agenda de la Compagnie - COMPAGNIE LA MANGROVE","robots":{"index":"index","follow":"follow","max-snippet":"max-snippet:-1","max-image-preview":"max-image-preview:large","max-video-preview":"max-video-preview:-1"},"canonical":"https:\/\/www.cielamangrove.com\/en\/actualite\/","og_locale":"en_US","og_type":"article","og_title":"L'Agenda de la Compagnie - COMPAGNIE LA MANGROVE","og_description":"AGENDA SAISON 2026\/2027 Du 01\/09\/26 au 11 09\/26 :&nbsp;OUTRE-RAGE&nbsp;\u2014&gt; R\u00e9sidence CCN Tours (cr\u00e9ation lumi\u00e8re et vid\u00e9o) &#8211; FR 14\/09\/26 :&nbsp;OUTRE-RAGE&nbsp;\u2014&gt; Premi\u00e8re, Festival Le Temps d&rsquo;aimer la danse, Biarritz &#8211; FR Les 15 et 16\/10\/26 :&nbsp;OUTRE-RAGE&nbsp;\u2014&gt; Festival Dansez-Croisez CCN Tours &#8211; FR 17\/10\/26&nbsp;:&nbsp;OUTRE-RAGE&nbsp;\u2014&gt; Festival Le Mois Kreyol &#8211; FR Novembre 26 [&hellip;]","og_url":"https:\/\/www.cielamangrove.com\/en\/actualite\/","og_site_name":"COMPAGNIE LA MANGROVE","article_publisher":"https:\/\/www.facebook.com\/compagnielamangrove\/","article_modified_time":"2026-04-17T10:40:20+00:00","twitter_card":"summary_large_image","twitter_misc":{"Est. reading time":"10 minutes"},"schema":{"@context":"https:\/\/schema.org","@graph":[{"@type":"WebPage","@id":"https:\/\/www.cielamangrove.com\/actualite\/","url":"https:\/\/www.cielamangrove.com\/actualite\/","name":"L'Agenda de la Compagnie - COMPAGNIE LA MANGROVE","isPartOf":{"@id":"https:\/\/www.cielamangrove.com\/#website"},"datePublished":"2022-01-12T22:17:48+00:00","dateModified":"2026-04-17T10:40:20+00:00","breadcrumb":{"@id":"https:\/\/www.cielamangrove.com\/actualite\/#breadcrumb"},"inLanguage":"en-US","potentialAction":[{"@type":"ReadAction","target":["https:\/\/www.cielamangrove.com\/actualite\/"]}]},{"@type":"BreadcrumbList","@id":"https:\/\/www.cielamangrove.com\/actualite\/#breadcrumb","itemListElement":[{"@type":"ListItem","position":1,"name":"Accueil","item":"https:\/\/www.cielamangrove.com\/"},{"@type":"ListItem","position":2,"name":"L&rsquo;Agenda de la Compagnie"}]},{"@type":"WebSite","@id":"https:\/\/www.cielamangrove.com\/#website","url":"https:\/\/www.cielamangrove.com\/","name":"Compagnie La Mangrove","description":"Compagnie La Mangrove","publisher":{"@id":"https:\/\/www.cielamangrove.com\/#organization"},"potentialAction":[{"@type":"SearchAction","target":{"@type":"EntryPoint","urlTemplate":"https:\/\/www.cielamangrove.com\/?s={search_term_string}"},"query-input":{"@type":"PropertyValueSpecification","valueRequired":true,"valueName":"search_term_string"}}],"inLanguage":"en-US"},{"@type":"Organization","@id":"https:\/\/www.cielamangrove.com\/#organization","name":"Compagnie La Mangrove","url":"https:\/\/www.cielamangrove.com\/","logo":{"@type":"ImageObject","inLanguage":"en-US","@id":"https:\/\/www.cielamangrove.com\/#\/schema\/logo\/image\/","url":"https:\/\/www.cielamangrove.com\/wp-content\/uploads\/2020\/06\/cropped-Rouge-Lignes-Sports-Logo-2.jpg","contentUrl":"https:\/\/www.cielamangrove.com\/wp-content\/uploads\/2020\/06\/cropped-Rouge-Lignes-Sports-Logo-2.jpg","width":999,"height":666,"caption":"Compagnie La Mangrove"},"image":{"@id":"https:\/\/www.cielamangrove.com\/#\/schema\/logo\/image\/"},"sameAs":["https:\/\/www.facebook.com\/compagnielamangrove\/","https:\/\/www.instagram.com\/compagnie_la_mangrove\/","https:\/\/www.linkedin.com\/company\/compagnie-la-mangrove\/"]}]}},"_links":{"self":[{"href":"https:\/\/www.cielamangrove.com\/en\/wp-json\/wp\/v2\/pages\/4559","targetHints":{"allow":["GET"]}}],"collection":[{"href":"https:\/\/www.cielamangrove.com\/en\/wp-json\/wp\/v2\/pages"}],"about":[{"href":"https:\/\/www.cielamangrove.com\/en\/wp-json\/wp\/v2\/types\/page"}],"author":[{"embeddable":true,"href":"https:\/\/www.cielamangrove.com\/en\/wp-json\/wp\/v2\/users\/1"}],"replies":[{"embeddable":true,"href":"https:\/\/www.cielamangrove.com\/en\/wp-json\/wp\/v2\/comments?post=4559"}],"version-history":[{"count":241,"href":"https:\/\/www.cielamangrove.com\/en\/wp-json\/wp\/v2\/pages\/4559\/revisions"}],"predecessor-version":[{"id":6831,"href":"https:\/\/www.cielamangrove.com\/en\/wp-json\/wp\/v2\/pages\/4559\/revisions\/6831"}],"wp:attachment":[{"href":"https:\/\/www.cielamangrove.com\/en\/wp-json\/wp\/v2\/media?parent=4559"}],"curies":[{"name":"wp","href":"https:\/\/api.w.org\/{rel}","templated":true}]}}